{"id":226,"date":"2017-10-23T14:12:44","date_gmt":"2017-10-23T14:12:44","guid":{"rendered":"https:\/\/ultreia.world\/medjugorje\/home\/"},"modified":"2023-03-09T17:41:41","modified_gmt":"2023-03-09T17:41:41","slug":"home","status":"publish","type":"page","link":"https:\/\/ultreia.world\/medjugorje\/","title":{"rendered":"Inicio"},"content":{"rendered":"<p>[vc_row heading_color=\u00bbdark\u00bb padding_top_multiplier=\u00bb3x\u00bb padding_bottom_multiplier=\u00bb3x\u00bb font_color=\u00bb#000000&#8243; el_class=\u00bbbanner\u00bb][vc_column width=\u00bb1\/6&#8243;][\/vc_column][vc_column width=\u00bb2\/3&#8243;]<h2 class=\"grve-element grve-title grve-align-center grve-h2\" style=\"margin-bottom: 0px;\"><span>Ultreia World te invita a<br \/>\nperegrinar a Me\u0111ugorje!<\/span><\/h2><div class=\"grve-element grve-divider grve-align-center\" style=\"padding-top: 24px;padding-bottom: 24px;\"><span class=\"grve-custom-divider grve-bg-custom\" style=\"width: 90px;height: 3px;background-color: #dbddff;\"><\/span><\/div>[vc_column_text text_style=\u00bbleader-text\u00bb]<\/p>\n<p style=\"text-align: center;\">UNA EXPERIENCIA DE FE FASCINANTE! Ven\u00ed con tus amigos, familia o solo a RENOVAR TU FE y encontrarte con Dios y la Virgen Mar\u00eda.<\/p>\n<p>[\/vc_column_text][\/vc_column][vc_column width=\u00bb1\/6&#8243;][\/vc_column][vc_column]<div class=\"grve-empty-space grve-height-3x\" style=\"\"><\/div>[\/vc_column][vc_column width=\u00bb1\/3&#8243;]<h3 class=\"grve-element grve-title grve-align-left grve-h5\" style=\"\"><span><span style=\"color: #000000;\">Peregrinar a Me\u0111jugorje<\/span><\/span><\/h3>[vc_column_text]<span style=\"color: #000000;\">Es sentir la presencia de la Gospa, es sentir la \u201cgioia\u201d de la que todos hablan, esa alegr\u00eda que colma el coraz\u00f3n, y no tiene explicaci\u00f3n; es estar, de pronto, en una noche estrellada, caminando entre vi\u00f1edos, cantando sin raz\u00f3n.<\/span>[\/vc_column_text][\/vc_column][vc_column width=\u00bb1\/3&#8243;]<h3 class=\"grve-element grve-title grve-align-left grve-h5\" style=\"\"><span><span style=\"color: #000000;\">No querer marcharse<\/span><\/span><\/h3>[vc_column_text]<span style=\"color: #000000;\">Me\u0111jugorje, es ponerse de rodillas, en el piso del Santuario, y no querer marcharse, porque uno ha encontrado, como nunca antes, la paz en el coraz\u00f3n.<\/span>[\/vc_column_text][\/vc_column][vc_column width=\u00bb1\/3&#8243;]<h3 class=\"grve-element grve-title grve-align-left grve-h5\" style=\"\"><span><span style=\"color: #000000;\">Agradecer<\/span><\/span><\/h3>[vc_column_text]<span style=\"color: #000000;\">Me\u0111jugorje es decir a Dios \u201c\u00a1Gracias!\u201d, por haber alcanzado ese \u201cestado del alma\u201d, donde el mundo parece detenerse, y uno siente que ha nacido, acaso por primera vez, y mira al mundo con \u201cojos nuevos\u201d, fascinado como un ni\u00f1o. As\u00ed es Me\u0111jugorje.<\/span>[\/vc_column_text][\/vc_column][\/vc_row][vc_row heading_color=\u00bblight\u00bb bg_type=\u00bbimage\u00bb bg_image=\u00bb255&#8243; bg_image_type=\u00bbparallax\u00bb parallax_threshold=\u00bb0.5&#8243; color_overlay=\u00bbdark\u00bb opacity_overlay=\u00bb30&#8243; padding_top_multiplier=\u00bb6x\u00bb padding_bottom_multiplier=\u00bb6x\u00bb separator_top_size=\u00bb60px\u00bb separator_bottom_size=\u00bb60px\u00bb font_color=\u00bb#ffffff\u00bb][vc_column width=\u00bb1\/4&#8243;][\/vc_column][vc_column width=\u00bb1\/2&#8243;]<div class=\"grve-empty-space grve-height-1x\" style=\"\"><\/div><h2 class=\"grve-element grve-title grve-align-center grve-h3\" style=\"\"><span>Me\u0111jugorje: una ventana al Cielo<\/span><\/h2>[\/vc_column][vc_column width=\u00bb1\/4&#8243;][\/vc_column][\/vc_row][vc_row padding_top_multiplier=\u00bb3x\u00bb padding_bottom_multiplier=\u00bb3x\u00bb][vc_column]<h3 class=\"grve-element grve-title grve-align-center grve-h3\" style=\"margin-bottom: 0px;\"><span>Me\u0111jugorje: la alegr\u00eda sin cansancio<\/span><\/h3><div class=\"grve-element grve-divider grve-align-center\" style=\"padding-top: 24px;padding-bottom: 24px;\"><span class=\"grve-custom-divider grve-bg-primary-1\" style=\"width: 90px;height: 3px;\"><\/span><\/div>[vc_column_text text_style=\u00bbleader-text\u00bb]<\/p>\n<p style=\"text-align: center;\">En Me\u0111jugorje tendr\u00e1s la oportunidad de acercarte m\u00e1s a Dios. Si bien, Dios est\u00e1 \u201cen todas partes\u201d, hay algunos lugares donde uno puede sentir m\u00e1s cerca la presencia de Dios, lugares donde el viento parece susurrarnos al o\u00eddo, con la voz de Dios; lugares que, por su santidad y las apariciones de la Virgen, est\u00e1n cargados de una \u201cfuerza santificante\u201d.<\/p>\n<p>[\/vc_column_text][\/vc_column][\/vc_row][vc_row heading_color=\u00bblight\u00bb padding_bottom_multiplier=\u00bb\u00bb equal_column_height=\u00bbequal-column\u00bb font_color=\u00bb#ffffff\u00bb margin_bottom=\u00bb0&#8243;][vc_column width=\u00bb1\/3&#8243; css=\u00bb.vc_custom_1654812931991{margin-bottom: 30px !important;padding-top: 16% !important;padding-right: 20% !important;padding-bottom: 16% !important;padding-left: 20% !important;background: rgba(0,0,0,0.29) url(https:\/\/ultreia.world\/medjugorje\/wp-content\/uploads\/2022\/06\/img-home-2.jpg?id=414) !important;background-position: center !important;background-repeat: no-repeat !important;background-size: cover !important;*background-color: rgb(0,0,0) !important;}\u00bb]<div class=\"grve-element grve-box-icon grve-medium grve-side-icon grve-align-left\" style=\"\"><div class=\"grve-wrapper-icon grve-no-shape\"><span class=\"grve-text-white\">1<\/span><\/div><div class=\"grve-box-content\"><div class=\"grve-box-title-wrapper\"><h3 class=\"grve-box-title grve-h4\">D\u00eda<\/h3><\/div>  <p class=\"\"><strong>Ceremonia de Apertura<\/strong><br \/>\nApertura del Festival, acompa\u00f1ado de Misa, cantos y bailes, con Adoraci\u00f3n al Sant\u00edsimo.<br \/>\n<\/p><\/div><\/div>[\/vc_column][vc_column width=\u00bb1\/3&#8243; css=\u00bb.vc_custom_1654813140041{margin-bottom: 30px !important;padding-top: 16% !important;padding-right: 20% !important;padding-bottom: 16% !important;padding-left: 20% !important;background: rgba(0,0,0,0.29) url(https:\/\/ultreia.world\/medjugorje\/wp-content\/uploads\/2022\/06\/img-home-3.jpg?id=415) !important;background-position: center !important;background-repeat: no-repeat !important;background-size: cover !important;*background-color: rgb(0,0,0) !important;}\u00bb]<div class=\"grve-element grve-box-icon grve-medium grve-side-icon grve-align-left\" style=\"\"><div class=\"grve-wrapper-icon grve-no-shape\"><span class=\"grve-text-white\">2<\/span><\/div><div class=\"grve-box-content\"><div class=\"grve-box-title-wrapper\"><h3 class=\"grve-box-title grve-h4\">D\u00eda<\/h3><\/div>  <p class=\"\"><strong>Procesi\u00f3n de las Banderas<\/strong><br \/>\nProcesi\u00f3n de banderas, llevadas en alza por los j\u00f3venes peregrinos de todo el mundo, abierta a nuestra posible participaci\u00f3n.<\/p><\/div><\/div>[\/vc_column][vc_column width=\u00bb1\/3&#8243; css=\u00bb.vc_custom_1654813147426{margin-bottom: 20% !important;padding-top: 16% !important;padding-right: 20% !important;padding-bottom: 16% !important;padding-left: 20% !important;background: rgba(0,0,0,0.29) url(https:\/\/ultreia.world\/medjugorje\/wp-content\/uploads\/2022\/06\/img-home-4.jpg?id=416) !important;background-position: center !important;background-repeat: no-repeat !important;background-size: cover !important;*background-color: rgb(0,0,0) !important;}\u00bb]<div class=\"grve-element grve-box-icon grve-medium grve-side-icon grve-align-left\" style=\"\"><div class=\"grve-wrapper-icon grve-no-shape\"><span class=\"grve-text-white\">3<\/span><\/div><div class=\"grve-box-content\"><div class=\"grve-box-title-wrapper\"><h3 class=\"grve-box-title grve-h4\">D\u00eda<\/h3><\/div>  <p class=\"\"><strong>Ascenso al Monte Podbrdo<\/strong><br \/>\nAscenso guiado al \u201cMonte de las Apariciones\u201d de la Virgen de Me\u0111ugorje, rezo comunitario del Santo Rosario durante el ascenso.<\/p><\/div><\/div>[\/vc_column][\/vc_row][vc_row padding_top_multiplier=\u00bb\u00bb][vc_column]<div class=\"grve-element grve-align-center\"><a href=\"https:\/\/ultreia.world\/medjugorje\/programa-actividades\/\" class=\"grve-btn grve-btn-medium grve-square grve-bg-primary-1 grve-bg-hover-primary-1\"><span>VER PROGRAMA COMPLETO<\/span><\/a><\/div>[\/vc_column][\/vc_row][vc_row heading_color=\u00bblight\u00bb bg_type=\u00bbimage\u00bb bg_image=\u00bb261&#8243; bg_image_type=\u00bbparallax\u00bb parallax_threshold=\u00bb0.5&#8243; color_overlay=\u00bbdark\u00bb opacity_overlay=\u00bb50&#8243; padding_top_multiplier=\u00bb3x\u00bb padding_bottom_multiplier=\u00bb3x\u00bb separator_top_size=\u00bb60px\u00bb separator_bottom_size=\u00bb60px\u00bb font_color=\u00bb#ffffff\u00bb][vc_column width=\u00bb1\/4&#8243;][\/vc_column][vc_column width=\u00bb1\/2&#8243;]<div class=\"grve-element grve-callout grve-btn-right\" style=\"\">  <div class=\"grve-callout-wrapper\"><h3 class=\"grve-callout-content grve-h4\">Una experiencia de encuentro y sanaci\u00f3n<\/h3>  <\/div>  <div class=\"grve-button-wrapper\"><a href=\"https:\/\/ultreia.world\/medjugorje\/contact\/\" class=\"grve-btn grve-btn-medium grve-square grve-bg-white grve-bg-hover-primary-1\"><span>Cont\u00e1ctanos<\/span><\/a>  <\/div><\/div>[\/vc_column][vc_column width=\u00bb1\/4&#8243;][\/vc_column][\/vc_row][vc_row][vc_column][vc_row_inner][vc_column_inner width=\u00bb1\/2&#8243;]<div class=\"grve-empty-space grve-height-4x space-mobile\" style=\"\"><\/div><h3 class=\"grve-element grve-title grve-align-left grve-h3\" style=\"margin-bottom: 0px;\"><span>Ultreia World 2023<\/span><\/h3><h3 class=\"grve-element grve-title grve-align-left grve-h3\" style=\"margin-bottom: 0px;\"><span>Europa<\/span><\/h3><div class=\"grve-element grve-divider grve-align-left\" style=\"padding-top: 24px;padding-bottom: 24px;\"><span class=\"grve-custom-divider grve-bg-primary-1\" style=\"width: 90px;height: 3px;\"><\/span><\/div><div class=\"grve-empty-space grve-height-1x\" style=\"\"><\/div><div class=\"grve-element grve-align-left\"><a href=\"https:\/\/ultreia.world\/medjugorje\/wp-content\/uploads\/2022\/10\/Ultreia-World-Europe-2023.pdf\" target=\"_blank\" rel=\"noopener noreferrer\" class=\"grve-btn grve-btn-medium grve-square grve-bg-primary-1 grve-bg-hover-primary-1\"><span>VER PROGRAMA COMPLETO<\/span><\/a><\/div>[\/vc_column_inner][vc_column_inner width=\u00bb1\/2&#8243;]<div class=\"grve-element grve-image grve-align-center\" style=\"\">  <div class=\"grve-image-wrapper\"><a href=\"https:\/\/ultreia.world\/\" target=\"_blank\" rel=\"noopener noreferrer\"><img loading=\"lazy\" decoding=\"async\" width=\"680\" height=\"495\" src=\"https:\/\/ultreia.world\/medjugorje\/wp-content\/uploads\/2023\/03\/portada-2023.jpg\" class=\"attachment-full size-full\" alt=\"\" srcset=\"https:\/\/ultreia.world\/medjugorje\/wp-content\/uploads\/2023\/03\/portada-2023.jpg 680w, https:\/\/ultreia.world\/medjugorje\/wp-content\/uploads\/2023\/03\/portada-2023-300x218.jpg 300w\" sizes=\"auto, (max-width: 680px) 100vw, 680px\" \/><\/a>   <\/div><\/div>[\/vc_column_inner][\/vc_row_inner][\/vc_column][\/vc_row]<\/p>\n","protected":false},"excerpt":{"rendered":"<p>[vc_row heading_color=\u00bbdark\u00bb padding_top_multiplier=\u00bb3x\u00bb padding_bottom_multiplier=\u00bb3x\u00bb font_color=\u00bb#000000&#8243; el_class=\u00bbbanner\u00bb][vc_column width=\u00bb1\/6&#8243;][\/vc_column][vc_column width=\u00bb2\/3&#8243;][vc_column_text text_style=\u00bbleader-text\u00bb] UNA EXPERIENCIA DE FE FASCINANTE! Ven\u00ed con tus amigos, familia o solo a RENOVAR TU FE y encontrarte con Dios y la Virgen Mar\u00eda. [\/vc_column_text][\/vc_column][vc_column width=\u00bb1\/6&#8243;][\/vc_column][vc_column][\/vc_column][vc_column width=\u00bb1\/3&#8243;][vc_column_text]Es sentir la presencia de la Gospa, es sentir la \u201cgioia\u201d de la que todos hablan, esa alegr\u00eda que colma [&hellip;]<\/p>\n","protected":false},"author":4,"featured_media":0,"parent":0,"menu_order":0,"comment_status":"closed","ping_status":"closed","template":"","meta":{"_joinchat":[],"footnotes":""},"class_list":["post-226","page","type-page","status-publish","hentry"],"yoast_head":"<!-- This site is optimized with the Yoast SEO Premium plugin v20.2.1 (Yoast SEO v20.2.1) - https:\/\/yoast.com\/wordpress\/plugins\/seo\/ -->\n<title>Inicio - Ultreia World<\/title>\n<meta name=\"description\" content=\"ULTREIA WORLD te invita a peregrinar a Me\u0111ugorje!\" \/>\n<meta name=\"robots\" content=\"index, follow, max-snippet:-1, max-image-preview:large, max-video-preview:-1\" \/>\n<link rel=\"canonical\" href=\"https:\/\/ultreia.world\/medjugorje\/\" \/>\n<meta property=\"og:locale\" content=\"es_ES\" \/>\n<meta property=\"og:type\" content=\"article\" \/>\n<meta property=\"og:title\" content=\"Inicio\" \/>\n<meta property=\"og:description\" content=\"ULTREIA WORLD te invita a peregrinar a Me\u0111ugorje!\" \/>\n<meta property=\"og:url\" content=\"https:\/\/ultreia.world\/medjugorje\/\" \/>\n<meta property=\"og:site_name\" content=\"Ultreia World\" \/>\n<meta property=\"article:modified_time\" content=\"2023-03-09T17:41:41+00:00\" \/>\n<meta property=\"og:image\" content=\"https:\/\/ultreia.world\/medjugorje\/wp-content\/uploads\/2023\/03\/preview.jpg\" \/>\n\t<meta property=\"og:image:width\" content=\"1200\" \/>\n\t<meta property=\"og:image:height\" content=\"675\" \/>\n\t<meta property=\"og:image:type\" content=\"image\/jpeg\" \/>\n<meta name=\"twitter:card\" content=\"summary_large_image\" \/>\n<meta name=\"twitter:label1\" content=\"Tiempo de lectura\" \/>\n\t<meta name=\"twitter:data1\" content=\"3 minutos\" \/>\n<script type=\"application\/ld+json\" class=\"yoast-schema-graph\">{\"@context\":\"https:\/\/schema.org\",\"@graph\":[{\"@type\":\"WebPage\",\"@id\":\"https:\/\/ultreia.world\/medjugorje\/\",\"url\":\"https:\/\/ultreia.world\/medjugorje\/\",\"name\":\"Inicio - Ultreia World\",\"isPartOf\":{\"@id\":\"https:\/\/ultreia.world\/medjugorje\/#website\"},\"datePublished\":\"2017-10-23T14:12:44+00:00\",\"dateModified\":\"2023-03-09T17:41:41+00:00\",\"description\":\"ULTREIA WORLD te invita a peregrinar a Me\u0111ugorje!\",\"breadcrumb\":{\"@id\":\"https:\/\/ultreia.world\/medjugorje\/#breadcrumb\"},\"inLanguage\":\"es\",\"potentialAction\":[{\"@type\":\"ReadAction\",\"target\":[\"https:\/\/ultreia.world\/medjugorje\/\"]}]},{\"@type\":\"BreadcrumbList\",\"@id\":\"https:\/\/ultreia.world\/medjugorje\/#breadcrumb\",\"itemListElement\":[{\"@type\":\"ListItem\",\"position\":1,\"name\":\"Portada\",\"item\":\"https:\/\/ultreia.world\/medjugorje\/\"},{\"@type\":\"ListItem\",\"position\":2,\"name\":\"Inicio\"}]},{\"@type\":\"WebSite\",\"@id\":\"https:\/\/ultreia.world\/medjugorje\/#website\",\"url\":\"https:\/\/ultreia.world\/medjugorje\/\",\"name\":\"Ultreia World\",\"description\":\"M\u00e1s all\u00e1 del mundo\",\"publisher\":{\"@id\":\"https:\/\/ultreia.world\/medjugorje\/#organization\"},\"potentialAction\":[{\"@type\":\"SearchAction\",\"target\":{\"@type\":\"EntryPoint\",\"urlTemplate\":\"https:\/\/ultreia.world\/medjugorje\/?s={search_term_string}\"},\"query-input\":\"required name=search_term_string\"}],\"inLanguage\":\"es\"},{\"@type\":\"Organization\",\"@id\":\"https:\/\/ultreia.world\/medjugorje\/#organization\",\"name\":\"Ultreia\",\"url\":\"https:\/\/ultreia.world\/medjugorje\/\",\"logo\":{\"@type\":\"ImageObject\",\"inLanguage\":\"es\",\"@id\":\"https:\/\/ultreia.world\/medjugorje\/#\/schema\/logo\/image\/\",\"url\":\"https:\/\/ultreia.world\/medjugorje\/wp-content\/uploads\/2022\/04\/favicon.png\",\"contentUrl\":\"https:\/\/ultreia.world\/medjugorje\/wp-content\/uploads\/2022\/04\/favicon.png\",\"width\":512,\"height\":512,\"caption\":\"Ultreia\"},\"image\":{\"@id\":\"https:\/\/ultreia.world\/medjugorje\/#\/schema\/logo\/image\/\"}}]}<\/script>\n<!-- \/ Yoast SEO Premium plugin. -->","yoast_head_json":{"title":"Inicio - Ultreia World","description":"ULTREIA WORLD te invita a peregrinar a Me\u0111ugorje!","robots":{"index":"index","follow":"follow","max-snippet":"max-snippet:-1","max-image-preview":"max-image-preview:large","max-video-preview":"max-video-preview:-1"},"canonical":"https:\/\/ultreia.world\/medjugorje\/","og_locale":"es_ES","og_type":"article","og_title":"Inicio","og_description":"ULTREIA WORLD te invita a peregrinar a Me\u0111ugorje!","og_url":"https:\/\/ultreia.world\/medjugorje\/","og_site_name":"Ultreia World","article_modified_time":"2023-03-09T17:41:41+00:00","og_image":[{"width":1200,"height":675,"url":"https:\/\/ultreia.world\/medjugorje\/wp-content\/uploads\/2023\/03\/preview.jpg","type":"image\/jpeg"}],"twitter_card":"summary_large_image","twitter_misc":{"Tiempo de lectura":"3 minutos"},"schema":{"@context":"https:\/\/schema.org","@graph":[{"@type":"WebPage","@id":"https:\/\/ultreia.world\/medjugorje\/","url":"https:\/\/ultreia.world\/medjugorje\/","name":"Inicio - Ultreia World","isPartOf":{"@id":"https:\/\/ultreia.world\/medjugorje\/#website"},"datePublished":"2017-10-23T14:12:44+00:00","dateModified":"2023-03-09T17:41:41+00:00","description":"ULTREIA WORLD te invita a peregrinar a Me\u0111ugorje!","breadcrumb":{"@id":"https:\/\/ultreia.world\/medjugorje\/#breadcrumb"},"inLanguage":"es","potentialAction":[{"@type":"ReadAction","target":["https:\/\/ultreia.world\/medjugorje\/"]}]},{"@type":"BreadcrumbList","@id":"https:\/\/ultreia.world\/medjugorje\/#breadcrumb","itemListElement":[{"@type":"ListItem","position":1,"name":"Portada","item":"https:\/\/ultreia.world\/medjugorje\/"},{"@type":"ListItem","position":2,"name":"Inicio"}]},{"@type":"WebSite","@id":"https:\/\/ultreia.world\/medjugorje\/#website","url":"https:\/\/ultreia.world\/medjugorje\/","name":"Ultreia World","description":"M\u00e1s all\u00e1 del mundo","publisher":{"@id":"https:\/\/ultreia.world\/medjugorje\/#organization"},"potentialAction":[{"@type":"SearchAction","target":{"@type":"EntryPoint","urlTemplate":"https:\/\/ultreia.world\/medjugorje\/?s={search_term_string}"},"query-input":"required name=search_term_string"}],"inLanguage":"es"},{"@type":"Organization","@id":"https:\/\/ultreia.world\/medjugorje\/#organization","name":"Ultreia","url":"https:\/\/ultreia.world\/medjugorje\/","logo":{"@type":"ImageObject","inLanguage":"es","@id":"https:\/\/ultreia.world\/medjugorje\/#\/schema\/logo\/image\/","url":"https:\/\/ultreia.world\/medjugorje\/wp-content\/uploads\/2022\/04\/favicon.png","contentUrl":"https:\/\/ultreia.world\/medjugorje\/wp-content\/uploads\/2022\/04\/favicon.png","width":512,"height":512,"caption":"Ultreia"},"image":{"@id":"https:\/\/ultreia.world\/medjugorje\/#\/schema\/logo\/image\/"}}]}},"_links":{"self":[{"href":"https:\/\/ultreia.world\/medjugorje\/wp-json\/wp\/v2\/pages\/226","targetHints":{"allow":["GET"]}}],"collection":[{"href":"https:\/\/ultreia.world\/medjugorje\/wp-json\/wp\/v2\/pages"}],"about":[{"href":"https:\/\/ultreia.world\/medjugorje\/wp-json\/wp\/v2\/types\/page"}],"author":[{"embeddable":true,"href":"https:\/\/ultreia.world\/medjugorje\/wp-json\/wp\/v2\/users\/4"}],"replies":[{"embeddable":true,"href":"https:\/\/ultreia.world\/medjugorje\/wp-json\/wp\/v2\/comments?post=226"}],"version-history":[{"count":29,"href":"https:\/\/ultreia.world\/medjugorje\/wp-json\/wp\/v2\/pages\/226\/revisions"}],"predecessor-version":[{"id":539,"href":"https:\/\/ultreia.world\/medjugorje\/wp-json\/wp\/v2\/pages\/226\/revisions\/539"}],"wp:attachment":[{"href":"https:\/\/ultreia.world\/medjugorje\/wp-json\/wp\/v2\/media?parent=226"}],"curies":[{"name":"wp","href":"https:\/\/api.w.org\/{rel}","templated":true}]}}